{"id":41,"date":"2020-03-09T18:44:19","date_gmt":"2020-03-09T18:44:19","guid":{"rendered":"http:\/\/awo-zuhause.org\/?page_id=41"},"modified":"2020-03-10T13:11:13","modified_gmt":"2020-03-10T13:11:13","slug":"beratung","status":"publish","type":"page","link":"http:\/\/awo-zuhause.org\/?page_id=41","title":{"rendered":"Beratung"},"content":{"rendered":"<p><\/p>\r\n<div id=\"c5359\" class=\"csc-default csc-space-before-30\">\r\n<p class=\"bodytext\"><span style=\"font-family: arial, helvetica, sans-serif; font-size: 12pt; color: #e2001f;\"><b>Wir pflegen nach Ihren W\u00fcnschen\u00a0\u00a0<\/b><\/span><\/p>\r\n<\/div>\r\n<div id=\"c5358\" class=\"csc-default csc-space-before-15\">\r\n<div class=\"csc-textpic csc-textpic-intext-right\">\r\n<div class=\"csc-textpic-imagewrap\" data-csc-images=\"1\" data-csc-cols=\"1\"><span style=\"font-size: 12pt; font-family: arial, helvetica, sans-serif;\">In\u00a0 einem pers\u00f6nlichen Beratungsgespr\u00e4ch stimmen wir unsere Leistungen auf Ihre Bed\u00fcrfnisse ab und informieren \u00fcber die Leistungen der Pflege- und Krankenkasse. Wir sind Vertragspartner aller Pflege- und Krankenkassen, arbeiten mit \u00c4rzten und Fach\u00e4rzten zusammen und k\u00fcmmern uns gern f\u00fcr Sie um einen reibungslosen organisatorischen Ablauf in Zusammenarbeit mit unseren Partnern. S\u00e4mtliche Abrechnungsformalt\u00e4ten \u00fcbernimmt selbstverst\u00e4ndlich unsere Verwaltung, so dass f\u00fcr Sie hier keine Belastungen entstehen.<\/span><\/div>\r\n<div class=\"csc-textpic-text\">\r\n<p class=\"bodytext\"><span style=\"font-family: arial, helvetica, sans-serif; font-size: 12pt;\">Gern beraten wir Sie in allen Fragen rund um das Thema Pflege und Betreuung und k\u00fcmmern uns f\u00fcr Sie um die notwendigen Details. Die AWO verf\u00fcgt \u00fcber eine gro\u00dfe Erfahrung in der Pflege und genie\u00dft als kompetenter und qualitativ hochwertiger Anbieter \u00fcber die Region hinaus einen vorz\u00fcglichen Ruf.<\/span><\/p>\r\n<\/div>\r\n<\/div>\r\n<\/div>\r\n<p><span style=\"color: #e2001a;\"><strong><span style=\"font-family: arial, helvetica, sans-serif; font-size: 12pt;\">Pflegeberatung<\/span><\/strong><\/span><br \/><span style=\"font-family: arial, helvetica, sans-serif; font-size: 12pt;\">Sind Sie pflegender Angeh\u00f6riger und <\/span><span style=\"font-family: arial, helvetica, sans-serif; font-size: 12pt;\">beziehen Pflegegeld?<\/span><br \/><span style=\"font-family: arial, helvetica, sans-serif; font-size: 12pt;\">Wir bieten die gesetzlich vorgeschriebenen Beratungsbesuche. In den Beratungseins\u00e4tzen werden Fragen, die in der realen <\/span><span style=\"font-family: arial, helvetica, sans-serif; font-size: 12pt;\">Pflegesituation entstanden sind beantwortet, weitere Hilfen im Rahmen der Pflegeversicherung angesprochen und eventuelle <\/span><span style=\"font-family: arial, helvetica, sans-serif; font-size: 12pt;\">Gesetzes\u00e4nderungen angesprochen.<\/span><\/p>\r\n","protected":false},"excerpt":{"rendered":"<p>Wir pflegen nach Ihren W\u00fcnschen\u00a0\u00a0 In\u00a0 einem pers\u00f6nlichen Beratungsgespr\u00e4ch stimmen wir unsere Leistungen auf Ihre Bed\u00fcrfnisse ab und informieren \u00fcber die Leistungen der Pflege- und Krankenkasse. Wir sind Vertragspartner aller Pflege- und Krankenkassen, arbeiten mit \u00c4rzten und Fach\u00e4rzten zusammen und k\u00fcmmern uns gern f\u00fcr Sie um einen reibungslosen organisatorischen Ablauf in Zusammenarbeit mit unseren Partnern. S\u00e4mtliche Abrechnungsformalt\u00e4ten \u00fcbernimmt selbstverst\u00e4ndlich unsere<\/p>\n","protected":false},"author":1,"featured_media":0,"parent":0,"menu_order":0,"comment_status":"closed","ping_status":"closed","template":"","meta":{"footnotes":""},"class_list":["post-41","page","type-page","status-publish","hentry"],"_links":{"self":[{"href":"http:\/\/awo-zuhause.org\/index.php?rest_route=\/wp\/v2\/pages\/41","targetHints":{"allow":["GET"]}}],"collection":[{"href":"http:\/\/awo-zuhause.org\/index.php?rest_route=\/wp\/v2\/pages"}],"about":[{"href":"http:\/\/awo-zuhause.org\/index.php?rest_route=\/wp\/v2\/types\/page"}],"author":[{"embeddable":true,"href":"http:\/\/awo-zuhause.org\/index.php?rest_route=\/wp\/v2\/users\/1"}],"replies":[{"embeddable":true,"href":"http:\/\/awo-zuhause.org\/index.php?rest_route=%2Fwp%2Fv2%2Fcomments&post=41"}],"version-history":[{"count":3,"href":"http:\/\/awo-zuhause.org\/index.php?rest_route=\/wp\/v2\/pages\/41\/revisions"}],"predecessor-version":[{"id":151,"href":"http:\/\/awo-zuhause.org\/index.php?rest_route=\/wp\/v2\/pages\/41\/revisions\/151"}],"wp:attachment":[{"href":"http:\/\/awo-zuhause.org\/index.php?rest_route=%2Fwp%2Fv2%2Fmedia&parent=41"}],"curies":[{"name":"wp","href":"https:\/\/api.w.org\/{rel}","templated":true}]}}